{"version":"1.0","provider_name":"F\u00fcves Kata","provider_url":"https:\/\/fuveskata.cafeblog.hu","author_name":"Kata Tak\u00e1cs","author_url":"https:\/\/fuveskata.cafeblog.hu\/author\/lakat13gmail-com\/","title":"Forraszt\u00f3f\u0171 2021.","html":"<p>&nbsp;<\/p>\r\n<p><img class=\"wp-image-1011 aligncenter\" src=\"https:\/\/fuveskata.cafeblog.hu\/files\/2021\/02\/e62f1de767bad80f0de61d19ebefd3f8-225x300.jpg\" alt=\"\" width=\"244\" height=\"325\" \/><\/p>\r\n<p>Ny\u00e1ron jelentkeztem utolj\u00e1ra ezen a fel\u00fcleten, atya\u00e9g. A facebookon gyakrabban teszem, de itt jobban el tudok m\u00e9ly\u00fclni. T\u00e9ny \u00e9s val\u00f3, elk\u00e9peszt\u0151 sok munk\u00e1val telt ez az id\u0151szak \u00e9s rengeteg tanul\u00e1ssal, m\u00e1shova ment a f\u00f3kusz. A fitoter\u00e1pia vizsg\u00e1n m\u00e1r t\u00fal vagyok, de ez a tanul\u00e1s ink\u00e1bb hobbi, vagy nevezz\u00fck szenved\u00e9lynek ann\u00e1l j\u00f3val tov\u00e1bb mutat, \u00e9letre sz\u00f3l. Mindig \u00faj ajt\u00f3k ny\u00edlnak \u00e9s mindig megtapasztalom befel\u00e9 l\u00e9pkedve, milyen keveset is tudok, micsoda gazdag \u00e9s csod\u00e1latos vil\u00e1g ez.<\/p>\r\n<p><img class=\" wp-image-1010 aligncenter\" src=\"https:\/\/fuveskata.cafeblog.hu\/files\/2021\/02\/cdf09d3cdabb68f44dff12cb6dbadeb0-172x300.jpg\" alt=\"\" width=\"199\" height=\"347\" \/><\/p>\r\n<p>A Magyar Gy\u00f3gyszer\u00e9sztudom\u00e1nyi T\u00e1rsas\u00e1g Gy\u00f3gyn\u00f6v\u00e9ny Szakoszt\u00e1ly\u00e1nak kezdem\u00e9nyez\u00e9s\u00e9re 2013. \u00f3ta minden \u00e9vben v\u00e1lasztanak egy gy\u00f3gyn\u00f6v\u00e9nyt. Legink\u00e1bb az\u00e9rt, hogy figyelmet kapjanak, megismerj\u00fck \u0151ket jobban, sok emberhez eljusson r\u00f3luk min\u00e9l t\u00f6bb ismeret. Ennek szolg\u00e1lat\u00e1ra teszem \u00e9n is, illetve mert dr\u00e1ga Gy\u0151rfi Pista bar\u00e1tomnak a f\u00e1j\u00f3 h\u00e1t\u00e1ra is fekete nad\u00e1lyt\u0151 ken\u0151cs\u00f6t javasolt orvosa, j\u00f3 sz\u00edvvel k\u00e9sz\u00edtenek neki \u00e9s dr\u00e1ga Borcsi mam\u00e1nak is, f\u00e9rjem anyuk\u00e1j\u00e1nak. Ir\u00e9nk\u00e9m is is elt\u00f6rte az ujj\u00e1t, kedves szomsz\u00e9dom, neki is jut majd a forraszt\u00f3 f\u0171 ken\u0151cse (a n\u00e9pi orvosl\u00e1sban \u00edgy h\u00edvt\u00e1k a fekete nad\u00e1lyt\u00f6vet).<\/p>\r\n<p><img class=\"wp-image-1012 aligncenter\" src=\"https:\/\/fuveskata.cafeblog.hu\/files\/2021\/02\/118765172_2426408037651978_877596669902297629_n-225x300.jpg\" alt=\"\" width=\"277\" height=\"369\" \/><\/p>\r\n<p style=\"text-align: center\"><em>Ez az \u00f3ri\u00e1si p\u00e9ld\u00e1ny a kertemb\u0151l\u00a0 van &lt;3<\/em><\/p>\r\n<p>A gy\u00f3gyn\u00f6v\u00e9nyes kertemben is van, \u00f3ri\u00e1sira n\u0151ttek. Az \u00e9rdeslevel\u0171ek csal\u00e1dj\u00e1ba tartoz\u00f3 fekete nad\u00e1lyt\u0151 (Symphytum officinale) gy\u00f3gy\u00e1szatban t\u00f6rt\u00e9n\u0151 haszn\u00e1lata m\u00e1r nagyon r\u00e9gr\u0151l dat\u00e1lhat\u00f3. Els\u0151sorban csontt\u00f6r\u00e9sek, k\u00fcls\u0151 s\u00e9r\u00fcl\u00e9sek eset\u00e9n alkalmazt\u00e1k, ez\u00e9rt is kapta a \"forraszt\u00f3f\u0171\" nevet. Egyes nom\u00e1d n\u00e9pek v\u00e1ndorl\u00e1saik alatt a cip\u0151j\u00fckbe helyezt\u00e9k, hogy \u00f3vja \u0151ket \u00fatjuk sor\u00e1n, legink\u00e1bb a v\u00edzh\u00f3lyagt\u00f3l, betegs\u00e9gt\u0151l, szerencs\u00e9tlens\u00e9gekt\u0151l. A k\u00f6z\u00e9pkorban a csomagjaikba tett\u00e9k az utaz\u00f3k, szint\u00e9n babon\u00e1s v\u00e9delmet v\u00e1rva t\u0151le. Dioszkurid\u00e9sz, Paracelsus, \u00e9s Bingeni Hildegard is m\u00e9ltatt\u00e1k. A rupertsbergi ap\u00e1tn\u0151 m\u00e1r figyelmeztetett arra, \"hogy a n\u00f6v\u00e9ny bev\u00e9tele megzavarja a testnedvek rendj\u00e9t\", ink\u00e1bb k\u00fcls\u0151 felhaszn\u00e1l\u00e1s\u00e1t javasolta m\u00e1r \u0151 is.<\/p>\r\n<p><img class=\"wp-image-1013 aligncenter\" src=\"https:\/\/fuveskata.cafeblog.hu\/files\/2021\/02\/84ee4bd3aa1f4150ad0f3213f8262c2e.jpg\" alt=\"\" width=\"285\" height=\"193\" \/><\/p>\r\n<p style=\"text-align: center\"><em>J\u00f3l megfigyelhet\u0151 kunkor vir\u00e1gzat<\/em><\/p>\r\n<p><strong>Eredete, termeszt\u00e9se:<\/strong><\/p>\r\n<p>A f\u00f6ld minden m\u00e9rs\u00e9kelt \u00e9ghajlat\u00fa ter\u00fclet\u00e9n elterjedt. Gy\u00f3gyszerk\u00e9nt a Bulg\u00e1ri\u00e1ban, Lengyelorsz\u00e1gban, Rom\u00e1ni\u00e1ban \u00e9s Magyarorsz\u00e1gon termesztett n\u00f6v\u00e9nyt haszn\u00e1lj\u00e1k. Nedves, nyirkos helyeken, \u00e1rtereken, mez\u0151k\u00f6n,\u00a0 v\u00edzpartokon, csatorn\u00e1k ment\u00e9n, mocsarakban gyakori \u00e9vel\u0151 n\u00f6v\u00e9ny\u00fcnk. Az eg\u00e9sz n\u00f6v\u00e9ny \u00e9rdes tapint\u00e1s\u00fa, merev sz\u0151r\u00f6kkel bor\u00edtott. Vir\u00e1ga jellegzetes kunkorvir\u00e1gzat. (m\u00e1jus\/j\u00fanius).<\/p>\r\n<p><img class=\"wp-image-1023 aligncenter\" src=\"https:\/\/fuveskata.cafeblog.hu\/files\/2021\/02\/b9ee9d9b08d2fed3e3ee64698665ac7c.jpg\" alt=\"\" width=\"249\" height=\"249\" \/><\/p>\r\n<p><strong>Hat\u00f3anyagai:<\/strong><\/p>\r\n<p>A gy\u00f3gy\u00e1szatban a f\u00f6ld feletti r\u00e9sz\u00e9t \u00e9s gy\u00f6ker\u00e9t alkalmazz\u00e1k, melyek allantoint, ny\u00e1k \u00e9s cseranyagot, szaponinokat tartalmaznak. A gy\u00f6k\u00e9r (Symphyti radix) kis mennyis\u00e9gben rozmaringolajat is. Az allantoin serkenti a v\u00e9rkering\u00e9st, gyors\u00edtja a sejtek regener\u00e1l\u00f3d\u00e1s\u00e1t. A kolin is serkenti a v\u00e9rkering\u00e9st, \u00edgy gyorsabban sz\u0171nnek meg a v\u00e9r\u00f6mlenyek is. Hat\u00f3anyagai r\u00e9v\u00e9n h\u00e1mos\u00edt\u00f3, sz\u00f6vetregener\u00e1l\u00f3, gyullad\u00e1scs\u00f6kkent\u0151 hat\u00e1s\u00fa.<\/p>\r\n<p><img class=\"wp-image-1017 aligncenter\" src=\"https:\/\/fuveskata.cafeblog.hu\/files\/2021\/02\/993c7fdc71bacb2edf3b812b262838af-170x300.jpg\" alt=\"\" width=\"193\" height=\"341\" \/><\/p>\r\n<p><strong>Alkalmaz\u00e1si ter\u00fcletei:<\/strong><\/p>\r\n<p>Tudom\u00e1nyosan elismert a fekete nad\u00e1lyt\u0151 k\u00fcls\u0151leges alkalmaz\u00e1sa tompa s\u00e9r\u00fcl\u00e9sekre (nem v\u00e9rz\u0151, ny\u00edlt sebekre), p\u00e9ld\u00e1ul z\u00faz\u00f3d\u00e1sokra, ficam, h\u00faz\u00f3d\u00e1s, \u00edn-, \u00e9s izomgyullad\u00e1s. Kedvez\u0151 hat\u00e1sok tapasztalhat\u00f3k izoml\u00e1z, v\u00e9r\u00f6mleny \u00e9s nyirokduzzanat, \u00edz\u00fcleti gyullad\u00e1sok eset\u00e9n is. Seg\u00edtheti a csontt\u00f6r\u00e9s gy\u00f3gyul\u00e1s\u00e1t p\u00e9pes pakol\u00e1s\u00e1val. J\u00f3t\u00e9kony \u00e9g\u00e9si s\u00e9r\u00fcl\u00e9sek, reuma, k\u00f6szv\u00e9ny eset\u00e9n is j\u00f3t\u00e9kony. Visszeres panaszok eset\u00e9n is alkalmazz\u00e1k borogat\u00e1s, tinkt\u00fara vagy ken\u0151cs form\u00e1j\u00e1ban.<\/p>\r\n<p><img class=\"size-full wp-image-1018 aligncenter\" src=\"https:\/\/fuveskata.cafeblog.hu\/files\/2021\/02\/733ed4b42e7daa8acfbd646e5e3ff61b.jpg\" alt=\"\" width=\"236\" height=\"157\" \/><\/p>\r\n<p><strong>Alkalmaz\u00e1si m\u00f3dja, adagol\u00e1sa:<\/strong><\/p>\r\n<p>K\u00fcls\u0151leg a gy\u00f6k\u00e9rb\u0151l k\u00e9sz\u00fclt p\u00e9pes borogat\u00e1sk\u00e9nt, ken\u0151csk\u00e9nt lehet felvinni. Mivel a ken\u0151cs\u00f6k kis mennyis\u00e9gben tartalmaznak m\u00e1jk\u00e1ros\u00edt\u00f3 pirrolizidin alkaloidokat, ez\u00e9rt ne kenj\u00fck nyitott s\u00e9r\u00fcl\u00e9sre illetve csak k\u00faraszer\u0171en, 4-6 h\u00e9tig alkalmazzuk. Gyerekekn\u00e9l, terhesekn\u00e9l illetve szoptat\u00f3s kismam\u00e1kn\u00e1l sem alkalmazhat\u00f3.<\/p>\r\n<p>Forr\u00e1zata b\u0151rl\u00e1gy\u00edt\u00f3 hat\u00e1s\u00fa, liszt form\u00e1ban gy\u00f3gyszert\u00e1rban is kaphat\u00f3. Bels\u0151leges alkalmaz\u00e1sa kifejezetten ellenjavallt pirrolizidin-alkaloidok tartalma miatt, mely nagyobb mennyis\u00e9gben m\u00e1jk\u00e1ros\u00edt\u00f3, r\u00e1kkelt\u0151 hat\u00e1s\u00fa.<\/p>\r\n<p><img class=\" wp-image-1019 aligncenter\" src=\"https:\/\/fuveskata.cafeblog.hu\/files\/2021\/02\/cba0a412aa9523abff0ce30cb82ac1fd-225x300.jpg\" alt=\"\" width=\"243\" height=\"324\" \/><\/p>\r\n<p><strong>M\u00e1ria Treben \u00fcl\u0151f\u00fcrd\u0151 receptje:<\/strong><\/p>\r\n<p>A fekete nad\u00e1lyt\u0151 friss vagy sz\u00e1r\u00edtott level\u00e9b\u0151l 20 dkg-ot ( frissb\u0151l t\u00f6bbet javaslok, besz\u00e1rad\u00e1si ar\u00e1nya 6:1) 12 \u00f3r\u00e1n \u00e1t 5 liter hideg v\u00edzben \u00e1ztatunk. A kivonatot felmeleg\u00edtj\u00fck, lesz\u0171rj\u00fck \u00e9s a f\u00fcrd\u0151v\u00edzhez k\u00f6tj\u00fck. Annyi v\u00edz legyen a k\u00e1dban, hogy a ves\u00e9nket ellepje. 20 perc f\u00fcrd\u0151z\u00e9s ut\u00e1n ne t\u00f6r\u00f6lk\u00f6zz\u00fcnk \u00e9s fussunk tov\u00e1bb, hanem f\u00fcrd\u0151k\u00f6nt\u00f6sbe bugyol\u00e1l\u00f3dva egy \u00f3r\u00e1ig izzadjunk m\u00e9g az \u00e1gynyugalomban. Vissz\u00e9rt\u00e1gulat kezel\u00e9s\u00e9re javasolja M\u00e1ria ezt a f\u00fcrd\u0151k\u00far\u00e1t.<\/p>\r\n<p><img class=\" wp-image-1020 aligncenter\" src=\"https:\/\/fuveskata.cafeblog.hu\/files\/2021\/02\/af1a744e9fc38dec098eeb68df4bc9b8.jpg\" alt=\"\" width=\"296\" height=\"218\" \/><\/p>\r\n<p>A Retscher\/R\u00e1p\u00f3ti\/Polner is a gy\u00f6k\u00e9rre hivatkozik\u00a0 A gy\u00f3gyn\u00f6v\u00e9nygy\u0171jt\u00e9s zsebk\u00f6nyv\u00e9ben, a fontosabb drog a n\u00f6v\u00e9ny gy\u00f6kere. \u0150szt\u0151l tavaszig gy\u0171jthet\u0151, a nedvkering\u00e9s sz\u00fcnet\u00e9ben- \u00edgy nemsok\u00e1ra \u00e9n is nekil\u00f3dulok a ken\u0151cs\u0151mh\u00f6z felszedni a gy\u00f6keret. Az \u00e1s\u00e1sn\u00e1l figyelj\u00fcnk, hogy ne szedj\u00fck ki az eg\u00e9sz n\u00f6v\u00e9nyt, \u00e9rdemes a riz\u00f3m\u00e1t belet\u00f6rni, maradjon a f\u00f6ldben is. A sarat el\u00e9g mos\u00e1ssal leszedni r\u00f3la, pucolni nem kell. Addig mossuk, m\u00edg f\u00e9nyes fekete nem lesz a gy\u00f6k\u00e9r. a mell\u00e9kgy\u00f6kereket \u00e9les k\u00e9ssel lev\u00e1gjuk-javasolja a a gy\u00f3gyn\u00f6v\u00e9nygy\u0171jt\u00e9s zsebk\u00f6nyve is- \u00e9s a gy\u00f6keret arasznyi hossz\u00fakra daraboljuk. A vastagabb mell\u00e9kgy\u00f6k\u00e9r is felhaszn\u00e1lhat\u00f3. A gy\u00f6k\u00e9rfej \u00fcreges r\u00e9sz\u00e9t is v\u00e1gjuk ki, csak a t\u00f6m\u00f6ttet haszn\u00e1ljuk, m\u00edg feh\u00e9r nem lesz a v\u00e1g\u00e1si fel\u00fclet. Frissen olajat, alkoholos kivonatot, zs\u00edrban megf\u0151zve ken\u0151cs\u00f6t, sz\u00e1r\u00edtva p\u00e9pes pakol\u00e1st is k\u00e9sz\u00edthet\u00fcnk bel\u0151le. 30-35 fokn\u00e1l er\u0151sebben ne sz\u00e1r\u00edtsuk, ne barnuljon a belseje. Pattan\u00f3 sz\u00e1raz szintig sz\u00e1r\u00edtsuk. frissen fagyaszthat\u00f3 is.<\/p>\r\n<p><img class=\"wp-image-1021 aligncenter\" src=\"https:\/\/fuveskata.cafeblog.hu\/files\/2021\/02\/0f69414f3b5985748ce82de9497395c1-200x300.jpg\" alt=\"\" width=\"239\" height=\"359\" \/><\/p>\r\n<p><strong>Kili\u00e1n atya receptje:<\/strong><\/p>\r\n<p>12 gr sz\u00e1raz gy\u00f6k\u00e9r \u00e9s 100 gr eucerinre van sz\u00fcks\u00e9g. V\u00edzf\u00fcrd\u0151ben felmeleg\u00edtj\u00fck az eucerint, hozz\u00e1adjuk a gy\u00f6k\u00e9rdarabokat, azt\u00e1n kiv\u00e9ve a v\u00edzf\u00fcrd\u0151b\u0151l t\u00f6bb napig \u00e1llni hagyjuk. Majd ism\u00e9t v\u00edzf\u00fcrd\u0151s meleg\u00edt\u00e9st kap, amit azt\u00e1n finom sz\u0171r\u0151n \u00e1t ed\u00e9nybe t\u00f6lt\u00fcnk. Napi k\u00e9t-h\u00e1rom ken\u00e9st javasol. Maximum egy h\u00f3napig tarthat\u00f3 el a ken\u0151cs, \u00e9rdemes csak egy k\u00far\u00e1ra val\u00f3t k\u00e9sz\u00edteni bel\u0151le.<\/p>\r\n<p>\u00c9n is zs\u00edrad\u00e9kban felmeleg\u00edtett ken\u0151cs\u00f6t fogok k\u00e9sz\u00edteni. Kombin\u00e1lom majd a kezel\u00e9st a p\u00e1sztort\u00e1ska tinkt\u00far\u00e1mmal. De az m\u00e1r egy k\u00f6vetkez\u0151 bejegyz\u00e9s lesz.<\/p>\r\n<p><img class=\" wp-image-1022 aligncenter\" src=\"https:\/\/fuveskata.cafeblog.hu\/files\/2021\/02\/02c96266e158151ec7e96ec76436a864.jpg\" alt=\"\" width=\"274\" height=\"327\" \/><\/p>\r\n<p>Felhaszn\u00e1lt irodalom:<\/p>\r\n<p>Retscher-R\u00e1p\u00f3ti-Polner: A gy\u00f3gyn\u00f6v\u00e9nygy\u0171jt\u00e9s zsebk\u00f6nyve (1957)<\/p>\r\n<p>Dr Johannes G. Mayer-Pater Kilian Saum-Dr med. Bernhard Uehleke:\u00a0 Kis kolostori patika\u00a0 (2000.)<\/p>\r\n<p>Maria Treben: N\u0151i betegs\u00e9gek (1993.)<\/p>\r\n<p>A k\u00e9peket a Pinterestr\u0151l v\u00e1logattam illetve jel\u00f6ltem a saj\u00e1t fot\u00f3mat<\/p>\r\n<p>&nbsp;<\/p>\r\n<p>&nbsp;<\/p>\r\n<p>&nbsp;<\/p>","type":"rich","thumbnail_url":"https:\/\/fuveskata.cafeblog.hu\/files\/2021\/02\/84ee4bd3aa1f4150ad0f3213f8262c2e-150x150.jpg","thumbnail_width":150,"thumbnail_height":150}